{"id":56362,"date":"2023-07-14T11:14:39","date_gmt":"2023-07-14T15:14:39","guid":{"rendered":"https:\/\/www.lasocietedesplantes.com\/?page_id=56362"},"modified":"2024-02-15T13:37:38","modified_gmt":"2024-02-15T18:37:38","slug":"plant-gallery","status":"publish","type":"page","link":"https:\/\/www.lasocietedesplantes.com\/en\/galerie-vegetale\/","title":{"rendered":"Plant Gallery"},"content":{"rendered":"<div class=\"wp-block-columns is-layout-flex wp-container-core-columns-is-layout-9d6595d7 wp-block-columns-is-layout-flex\">\n<div class=\"wp-block-column is-layout-flow wp-block-column-is-layout-flow\" style=\"flex-basis:100%\"><\/div>\n<\/div>\n\n\n\n<div class=\"wp-block-columns is-layout-flex wp-container-core-columns-is-layout-9d6595d7 wp-block-columns-is-layout-flex\">\n<div class=\"wp-block-column is-layout-flow wp-block-column-is-layout-flow\"><div class=\"wp-block-image\">\n<figure class=\"aligncenter size-full is-resized\"><img loading=\"lazy\" decoding=\"async\" width=\"700\" height=\"904\" src=\"https:\/\/www.lasocietedesplantes.com\/wp-content\/uploads\/2023\/07\/BlancheAColletVert-detail_Web.jpg\" alt=\"Exhibition photo by Patrice Fortier.\" class=\"wp-image-56364\" style=\"width:525px;height:678px\" srcset=\"https:\/\/www.lasocietedesplantes.com\/wp-content\/uploads\/2023\/07\/BlancheAColletVert-detail_Web.jpg 700w, https:\/\/www.lasocietedesplantes.com\/wp-content\/uploads\/2023\/07\/BlancheAColletVert-detail_Web-400x517.jpg 400w, https:\/\/www.lasocietedesplantes.com\/wp-content\/uploads\/2023\/07\/BlancheAColletVert-detail_Web-232x300.jpg 232w\" sizes=\"auto, (max-width: 700px) 100vw, 700px\" \/><\/figure>\n<\/div><\/div>\n\n\n\n<div class=\"wp-block-column is-layout-flow wp-block-column-is-layout-flow\">\n<p><\/p>\n\n\n\n<h2 class=\"wp-block-heading\">What is Galerie V\u00e9g\u00e9tale?<\/h2>\n\n\n\n<p>Since its beginnings, LA SOCI\u00c9T\u00c9 DES PLANTES has been constantly trying to reconcile \"culture\" and \"agriculture\" through various poetic-agricultural projects. It is now inaugurating a space dedicated to art.<\/p>\n\n\n\n<p><em>The Plant Gallery<\/em> will henceforth play the role of interdisciplinary meeting point, offering content at the confluence of agronomic, ethnological, design and visual arts research, where each year artists will be invited to interpret LA SOCI\u00c9T\u00c9 DES PLANTES's activities in their own way.&nbsp;<\/p>\n\n\n\n<p>We got the ball rolling with an installation by Nathalie Bujold. It's not an insignificant choice, since the paths of this artist and LA SOCI\u00c9T\u00c9 DES PLANTES never cease to cross. She even spent an entire summer on the farm in her early days... She and Patrice have also collaborated on several artistic projects together. We'll have fond memories of this first installation, <strong>Motifs de L'Embarras: 11 video quilts <\/strong>by Nathalie Bujold!\u00a0<\/p>\n\n\n\n<p>We're slowly working on the next show... stay tuned!<\/p>\n\n\n\n<p><\/p>\n\n\n\n<p><\/p>\n<\/div>\n<\/div>\n\n\n\n<h2 class=\"wp-block-heading\">MOTIFS DE L'EMBARRAS: 11 VIDEO QUILTS<\/h2>\n\n\n\n<p><\/p>\n\n\n\n<div class=\"wp-block-columns is-layout-flex wp-container-core-columns-is-layout-9d6595d7 wp-block-columns-is-layout-flex\">\n<div class=\"wp-block-column is-layout-flow wp-block-column-is-layout-flow\"><\/div>\n\n\n\n<div class=\"wp-block-column is-layout-flow wp-block-column-is-layout-flow\">\n<p>11 moving tableaux: video quilts that re-stage LA SOCI\u00c9T\u00c9 DES PLANTES from within. We embrace everything from hollyhocks at night in the vibrancy of summer to turnips at the end of their life, celebrating several fetish plants in the process, against a backdrop of trees dancing in the sky. <\/p>\n\n\n\n<p>Nathalie Bujold is a multidisciplinary artist from the Gasp\u00e9 Peninsula who lives and works in Verdun. Trained in music and with a degree in visual arts, Nathalie Bujold tinkers, assembles, weaves and invites different skills to intersect, particularly in her practice of video in relation to textiles. She is interested in the micro-events of a familiar everyday life, balanced with a disquieting world, which she tumbles into plastic narratives. She proceeds like a handyman whose project takes shape as the motif takes shape. The quilt, which is a form of do-it-yourself, serves as inspiration for her shapes, and also for her general approach, in a sustainable development logic of reduction, reuse and recycling.&nbsp;<\/p>\n\n\n\n<p> Allow 20-30 minutes for a tour of the plant.\u00a0<\/p>\n\n\n\n<p>The exhibition was completed in mid-December. <\/p>\n<\/div>\n<\/div>\n\n\n\n<h2 class=\"wp-block-heading\"><\/h2>\n\n\n\n<p>Reservations are recommended, as only 4 people at a time can visit the exhibition. <\/p>","protected":false},"excerpt":{"rendered":"<p>What is Galerie V\u00e9g\u00e9tale? Ever since it was founded, LA SOCI\u00c9T\u00c9 DES PLANTES has been striving to reconcile \"culture\" ... <a title=\"Plant Gallery\" class=\"read-more\" href=\"https:\/\/www.lasocietedesplantes.com\/en\/galerie-vegetale\/\" aria-label=\"Read more about Galerie V\u00e9g\u00e9tale\">Read more<\/a><\/p>","protected":false},"author":12683,"featured_media":0,"parent":0,"menu_order":0,"comment_status":"closed","ping_status":"closed","template":"","meta":{"footnotes":""},"class_list":["post-56362","page","type-page","status-publish"],"yoast_head":"<!-- This site is optimized with the Yoast SEO plugin v27.5 - https:\/\/yoast.com\/product\/yoast-seo-wordpress\/ -->\n<title>Galerie V\u00e9g\u00e9tale - LA SOCI\u00c9T\u00c9 DES PLANTES<\/title>\n<meta name=\"robots\" content=\"index, follow, max-snippet:-1, max-image-preview:large, max-video-preview:-1\" \/>\n<link rel=\"canonical\" href=\"https:\/\/www.lasocietedesplantes.com\/en\/plant-gallery\/\" \/>\n<meta property=\"og:locale\" content=\"en_US\" \/>\n<meta property=\"og:type\" content=\"article\" \/>\n<meta property=\"og:title\" content=\"Galerie V\u00e9g\u00e9tale - LA SOCI\u00c9T\u00c9 DES PLANTES\" \/>\n<meta property=\"og:description\" content=\"Qu&rsquo;est-ce que la Galerie V\u00e9g\u00e9tale? Depuis ses d\u00e9buts, LA SOCI\u00c9T\u00c9 DES PLANTES ne cesse de tenter de r\u00e9concilier \u00ab la culture \u00bb ... Read more\" \/>\n<meta property=\"og:url\" content=\"https:\/\/www.lasocietedesplantes.com\/en\/plant-gallery\/\" \/>\n<meta property=\"og:site_name\" content=\"LA SOCI\u00c9T\u00c9 DES PLANTES\" \/>\n<meta property=\"article:publisher\" content=\"https:\/\/www.facebook.com\/LA-SOCI%c3%89T%c3%89-DES-PLANTES-100844866638607\/\" \/>\n<meta property=\"article:modified_time\" content=\"2024-02-15T18:37:38+00:00\" \/>\n<meta property=\"og:image\" content=\"https:\/\/www.lasocietedesplantes.com\/wp-content\/uploads\/2023\/07\/BlancheAColletVert-detail_Web.jpg\" \/>\n<meta name=\"twitter:card\" content=\"summary_large_image\" \/>\n<script type=\"application\/ld+json\" class=\"yoast-schema-graph\">{\"@context\":\"https:\\\/\\\/schema.org\",\"@graph\":[{\"@type\":\"WebPage\",\"@id\":\"https:\\\/\\\/www.lasocietedesplantes.com\\\/galerie-vegetale\\\/\",\"url\":\"https:\\\/\\\/www.lasocietedesplantes.com\\\/galerie-vegetale\\\/\",\"name\":\"Galerie V\u00e9g\u00e9tale - LA SOCI\u00c9T\u00c9 DES PLANTES\",\"isPartOf\":{\"@id\":\"https:\\\/\\\/www.lasocietedesplantes.com\\\/#website\"},\"primaryImageOfPage\":{\"@id\":\"https:\\\/\\\/www.lasocietedesplantes.com\\\/galerie-vegetale\\\/#primaryimage\"},\"image\":{\"@id\":\"https:\\\/\\\/www.lasocietedesplantes.com\\\/galerie-vegetale\\\/#primaryimage\"},\"thumbnailUrl\":\"https:\\\/\\\/www.lasocietedesplantes.com\\\/wp-content\\\/uploads\\\/2023\\\/07\\\/BlancheAColletVert-detail_Web.jpg\",\"datePublished\":\"2023-07-14T15:14:39+00:00\",\"dateModified\":\"2024-02-15T18:37:38+00:00\",\"breadcrumb\":{\"@id\":\"https:\\\/\\\/www.lasocietedesplantes.com\\\/galerie-vegetale\\\/#breadcrumb\"},\"inLanguage\":\"en-CA\",\"potentialAction\":[{\"@type\":\"ReadAction\",\"target\":[\"https:\\\/\\\/www.lasocietedesplantes.com\\\/galerie-vegetale\\\/\"]}]},{\"@type\":\"ImageObject\",\"inLanguage\":\"en-CA\",\"@id\":\"https:\\\/\\\/www.lasocietedesplantes.com\\\/galerie-vegetale\\\/#primaryimage\",\"url\":\"https:\\\/\\\/www.lasocietedesplantes.com\\\/wp-content\\\/uploads\\\/2023\\\/07\\\/BlancheAColletVert-detail_Web.jpg\",\"contentUrl\":\"https:\\\/\\\/www.lasocietedesplantes.com\\\/wp-content\\\/uploads\\\/2023\\\/07\\\/BlancheAColletVert-detail_Web.jpg\"},{\"@type\":\"BreadcrumbList\",\"@id\":\"https:\\\/\\\/www.lasocietedesplantes.com\\\/galerie-vegetale\\\/#breadcrumb\",\"itemListElement\":[{\"@type\":\"ListItem\",\"position\":1,\"name\":\"Home\",\"item\":\"https:\\\/\\\/www.lasocietedesplantes.com\\\/\"},{\"@type\":\"ListItem\",\"position\":2,\"name\":\"Galerie V\u00e9g\u00e9tale\"}]},{\"@type\":\"WebSite\",\"@id\":\"https:\\\/\\\/www.lasocietedesplantes.com\\\/#website\",\"url\":\"https:\\\/\\\/www.lasocietedesplantes.com\\\/\",\"name\":\"LA SOCI\u00c9T\u00c9 DES PLANTES\",\"description\":\"Semences de vari\u00e9t\u00e9s utiles et agr\u00e9ables\",\"publisher\":{\"@id\":\"https:\\\/\\\/www.lasocietedesplantes.com\\\/#organization\"},\"potentialAction\":[{\"@type\":\"SearchAction\",\"target\":{\"@type\":\"EntryPoint\",\"urlTemplate\":\"https:\\\/\\\/www.lasocietedesplantes.com\\\/?s={search_term_string}\"},\"query-input\":{\"@type\":\"PropertyValueSpecification\",\"valueRequired\":true,\"valueName\":\"search_term_string\"}}],\"inLanguage\":\"en-CA\"},{\"@type\":\"Organization\",\"@id\":\"https:\\\/\\\/www.lasocietedesplantes.com\\\/#organization\",\"name\":\"La soci\u00e9t\u00e9 des plantes\",\"url\":\"https:\\\/\\\/www.lasocietedesplantes.com\\\/\",\"logo\":{\"@type\":\"ImageObject\",\"inLanguage\":\"en-CA\",\"@id\":\"https:\\\/\\\/www.lasocietedesplantes.com\\\/#\\\/schema\\\/logo\\\/image\\\/\",\"url\":\"https:\\\/\\\/www.lasocietedesplantes.com\\\/wp-content\\\/uploads\\\/2022\\\/02\\\/la-societe-des-plantes-logo-mobile.png\",\"contentUrl\":\"https:\\\/\\\/www.lasocietedesplantes.com\\\/wp-content\\\/uploads\\\/2022\\\/02\\\/la-societe-des-plantes-logo-mobile.png\",\"width\":800,\"height\":313,\"caption\":\"La soci\u00e9t\u00e9 des plantes\"},\"image\":{\"@id\":\"https:\\\/\\\/www.lasocietedesplantes.com\\\/#\\\/schema\\\/logo\\\/image\\\/\"},\"sameAs\":[\"https:\\\/\\\/www.facebook.com\\\/LA-SOCI\u00c9T\u00c9-DES-PLANTES-100844866638607\\\/\",\"https:\\\/\\\/www.instagram.com\\\/la_societe_des_plantes\\\/\"]}]}<\/script>\n<!-- \/ Yoast SEO plugin. -->","yoast_head_json":{"title":"Plant Gallery - LA SOCI\u00c9T\u00c9 DES PLANTES","robots":{"index":"index","follow":"follow","max-snippet":"max-snippet:-1","max-image-preview":"max-image-preview:large","max-video-preview":"max-video-preview:-1"},"canonical":"https:\/\/www.lasocietedesplantes.com\/en\/plant-gallery\/","og_locale":"en_US","og_type":"article","og_title":"Galerie V\u00e9g\u00e9tale - LA SOCI\u00c9T\u00c9 DES PLANTES","og_description":"Qu&rsquo;est-ce que la Galerie V\u00e9g\u00e9tale? Depuis ses d\u00e9buts, LA SOCI\u00c9T\u00c9 DES PLANTES ne cesse de tenter de r\u00e9concilier \u00ab la culture \u00bb ... Read more","og_url":"https:\/\/www.lasocietedesplantes.com\/en\/plant-gallery\/","og_site_name":"LA SOCI\u00c9T\u00c9 DES PLANTES","article_publisher":"https:\/\/www.facebook.com\/LA-SOCI%c3%89T%c3%89-DES-PLANTES-100844866638607\/","article_modified_time":"2024-02-15T18:37:38+00:00","og_image":[{"url":"https:\/\/www.lasocietedesplantes.com\/wp-content\/uploads\/2023\/07\/BlancheAColletVert-detail_Web.jpg","type":"","width":"","height":""}],"twitter_card":"summary_large_image","schema":{"@context":"https:\/\/schema.org","@graph":[{"@type":"WebPage","@id":"https:\/\/www.lasocietedesplantes.com\/galerie-vegetale\/","url":"https:\/\/www.lasocietedesplantes.com\/galerie-vegetale\/","name":"Plant Gallery - LA SOCI\u00c9T\u00c9 DES PLANTES","isPartOf":{"@id":"https:\/\/www.lasocietedesplantes.com\/#website"},"primaryImageOfPage":{"@id":"https:\/\/www.lasocietedesplantes.com\/galerie-vegetale\/#primaryimage"},"image":{"@id":"https:\/\/www.lasocietedesplantes.com\/galerie-vegetale\/#primaryimage"},"thumbnailUrl":"https:\/\/www.lasocietedesplantes.com\/wp-content\/uploads\/2023\/07\/BlancheAColletVert-detail_Web.jpg","datePublished":"2023-07-14T15:14:39+00:00","dateModified":"2024-02-15T18:37:38+00:00","breadcrumb":{"@id":"https:\/\/www.lasocietedesplantes.com\/galerie-vegetale\/#breadcrumb"},"inLanguage":"en-CA","potentialAction":[{"@type":"ReadAction","target":["https:\/\/www.lasocietedesplantes.com\/galerie-vegetale\/"]}]},{"@type":"ImageObject","inLanguage":"en-CA","@id":"https:\/\/www.lasocietedesplantes.com\/galerie-vegetale\/#primaryimage","url":"https:\/\/www.lasocietedesplantes.com\/wp-content\/uploads\/2023\/07\/BlancheAColletVert-detail_Web.jpg","contentUrl":"https:\/\/www.lasocietedesplantes.com\/wp-content\/uploads\/2023\/07\/BlancheAColletVert-detail_Web.jpg"},{"@type":"BreadcrumbList","@id":"https:\/\/www.lasocietedesplantes.com\/galerie-vegetale\/#breadcrumb","itemListElement":[{"@type":"ListItem","position":1,"name":"Home","item":"https:\/\/www.lasocietedesplantes.com\/"},{"@type":"ListItem","position":2,"name":"Galerie V\u00e9g\u00e9tale"}]},{"@type":"WebSite","@id":"https:\/\/www.lasocietedesplantes.com\/#website","url":"https:\/\/www.lasocietedesplantes.com\/","name":"THE PLANT COMPANY","description":"Seeds of useful and pleasant varieties","publisher":{"@id":"https:\/\/www.lasocietedesplantes.com\/#organization"},"potentialAction":[{"@type":"SearchAction","target":{"@type":"EntryPoint","urlTemplate":"https:\/\/www.lasocietedesplantes.com\/?s={search_term_string}"},"query-input":{"@type":"PropertyValueSpecification","valueRequired":true,"valueName":"search_term_string"}}],"inLanguage":"en-CA"},{"@type":"Organization","@id":"https:\/\/www.lasocietedesplantes.com\/#organization","name":"The plant company","url":"https:\/\/www.lasocietedesplantes.com\/","logo":{"@type":"ImageObject","inLanguage":"en-CA","@id":"https:\/\/www.lasocietedesplantes.com\/#\/schema\/logo\/image\/","url":"https:\/\/www.lasocietedesplantes.com\/wp-content\/uploads\/2022\/02\/la-societe-des-plantes-logo-mobile.png","contentUrl":"https:\/\/www.lasocietedesplantes.com\/wp-content\/uploads\/2022\/02\/la-societe-des-plantes-logo-mobile.png","width":800,"height":313,"caption":"La soci\u00e9t\u00e9 des plantes"},"image":{"@id":"https:\/\/www.lasocietedesplantes.com\/#\/schema\/logo\/image\/"},"sameAs":["https:\/\/www.facebook.com\/LA-SOCI\u00c9T\u00c9-DES-PLANTES-100844866638607\/","https:\/\/www.instagram.com\/la_societe_des_plantes\/"]}]}},"_links":{"self":[{"href":"https:\/\/www.lasocietedesplantes.com\/en\/wp-json\/wp\/v2\/pages\/56362","targetHints":{"allow":["GET"]}}],"collection":[{"href":"https:\/\/www.lasocietedesplantes.com\/en\/wp-json\/wp\/v2\/pages"}],"about":[{"href":"https:\/\/www.lasocietedesplantes.com\/en\/wp-json\/wp\/v2\/types\/page"}],"author":[{"embeddable":true,"href":"https:\/\/www.lasocietedesplantes.com\/en\/wp-json\/wp\/v2\/users\/12683"}],"replies":[{"embeddable":true,"href":"https:\/\/www.lasocietedesplantes.com\/en\/wp-json\/wp\/v2\/comments?post=56362"}],"version-history":[{"count":5,"href":"https:\/\/www.lasocietedesplantes.com\/en\/wp-json\/wp\/v2\/pages\/56362\/revisions"}],"predecessor-version":[{"id":59668,"href":"https:\/\/www.lasocietedesplantes.com\/en\/wp-json\/wp\/v2\/pages\/56362\/revisions\/59668"}],"wp:attachment":[{"href":"https:\/\/www.lasocietedesplantes.com\/en\/wp-json\/wp\/v2\/media?parent=56362"}],"curies":[{"name":"wp","href":"https:\/\/api.w.org\/{rel}","templated":true}]}}